{"id":160,"date":"2024-05-02T12:19:22","date_gmt":"2024-05-02T12:19:22","guid":{"rendered":"https:\/\/www.bugnion.org\/~denis\/cecheki\/?page_id=160"},"modified":"2026-04-03T16:17:08","modified_gmt":"2026-04-03T16:17:08","slug":"chante-a-bajo","status":"publish","type":"page","link":"https:\/\/www.montreuilsousvoix.fr\/index.php\/chorales\/chante-a-bajo\/","title":{"rendered":"CHANTE A BAJO"},"content":{"rendered":"<p><strong>Isa Sompar\u00e9<\/strong> (40 choristes)<br \/>\n<strong>Vari\u00e9t\u00e9 pop fran\u00e7aise et internationale<\/strong><\/p>\n<p><strong><img loading=\"lazy\" decoding=\"async\" class=\" wp-image-421 alignright\" src=\"https:\/\/www.montreuilsousvoix.fr\/wp-content\/uploads\/2025\/05\/MSV2025-chante-a-bajo.jpg\" alt=\"\" width=\"410\" height=\"296\" srcset=\"https:\/\/www.montreuilsousvoix.fr\/wp-content\/uploads\/2025\/05\/MSV2025-chante-a-bajo.jpg 1024w, https:\/\/www.montreuilsousvoix.fr\/wp-content\/uploads\/2025\/05\/MSV2025-chante-a-bajo-300x216.jpg 300w, https:\/\/www.montreuilsousvoix.fr\/wp-content\/uploads\/2025\/05\/MSV2025-chante-a-bajo-768x554.jpg 768w\" sizes=\"auto, (max-width: 410px) 100vw, 410px\" \/>Chante \u00e0 Bajo<\/strong> existe depuis sept ans maintenant. La chorale a \u00e9t\u00e9 cr\u00e9e pour tous les habitants de Bagnolet qui aiment chanter ou qui en avaient envie sans jamais oser. Au fil des ann\u00e9es nous avons appris ensemble, nous avons pris du plaisir \u00e0 \u00eatre et chanter ensemble et aujourd&rsquo;hui nous partageons notre r\u00e9pertoire festif dans la joie et la bonne humeur.<br \/>\nUn r\u00e9pertoire de vari\u00e9t\u00e9s fran\u00e7aises et internationales, connu de tous, r\u00e9harmonis\u00e9 et \u00ab\u00a0groovis\u00e9\u00a0\u00bb pour la chorale par notre chef de choeur <strong>Isa Sompar\u00e9<\/strong>.<\/p>\n<p><a href=\"https:\/\/chanteabajo.fr\/\" target=\"_blank\" rel=\"noopener\">https:\/\/chanteabajo.fr\/<\/a><\/p>\n<p><img loading=\"lazy\" decoding=\"async\" class=\" wp-image-32 aligncenter\" src=\"https:\/\/www.montreuilsousvoix.fr\/wp-content\/uploads\/2024\/04\/Chante-a-bajo_AFFICHE-1.jpg\" alt=\"\" width=\"198\" height=\"238\" srcset=\"https:\/\/www.montreuilsousvoix.fr\/wp-content\/uploads\/2024\/04\/Chante-a-bajo_AFFICHE-1.jpg 453w, https:\/\/www.montreuilsousvoix.fr\/wp-content\/uploads\/2024\/04\/Chante-a-bajo_AFFICHE-1-250x300.jpg 250w\" sizes=\"auto, (max-width: 198px) 100vw, 198px\" \/><\/p>\n","protected":false},"excerpt":{"rendered":"<p>Isa Sompar\u00e9 (40 choristes) Vari\u00e9t\u00e9 pop fran\u00e7aise et internationale Chante \u00e0 Bajo existe depuis sept ans maintenant. La chorale a \u00e9t\u00e9 cr\u00e9e pour tous les habitants de Bagnolet qui aiment chanter ou qui en avaient envie sans jamais oser. Au fil des ann\u00e9es nous avons appris ensemble, nous avons pris du plaisir \u00e0 \u00eatre et &hellip; <a href=\"https:\/\/www.montreuilsousvoix.fr\/index.php\/chorales\/chante-a-bajo\/\" class=\"more-link\">Continuer la lecture de <span class=\"screen-reader-text\">CHANTE A BAJO<\/span><\/a><\/p>\n","protected":false},"author":3,"featured_media":0,"parent":107,"menu_order":1,"comment_status":"closed","ping_status":"closed","template":"","meta":{"ngg_post_thumbnail":0,"footnotes":""},"class_list":["post-160","page","type-page","status-publish","hentry"],"aioseo_notices":[],"_links":{"self":[{"href":"https:\/\/www.montreuilsousvoix.fr\/index.php\/wp-json\/wp\/v2\/pages\/160","targetHints":{"allow":["GET"]}}],"collection":[{"href":"https:\/\/www.montreuilsousvoix.fr\/index.php\/wp-json\/wp\/v2\/pages"}],"about":[{"href":"https:\/\/www.montreuilsousvoix.fr\/index.php\/wp-json\/wp\/v2\/types\/page"}],"author":[{"embeddable":true,"href":"https:\/\/www.montreuilsousvoix.fr\/index.php\/wp-json\/wp\/v2\/users\/3"}],"replies":[{"embeddable":true,"href":"https:\/\/www.montreuilsousvoix.fr\/index.php\/wp-json\/wp\/v2\/comments?post=160"}],"version-history":[{"count":7,"href":"https:\/\/www.montreuilsousvoix.fr\/index.php\/wp-json\/wp\/v2\/pages\/160\/revisions"}],"predecessor-version":[{"id":711,"href":"https:\/\/www.montreuilsousvoix.fr\/index.php\/wp-json\/wp\/v2\/pages\/160\/revisions\/711"}],"up":[{"embeddable":true,"href":"https:\/\/www.montreuilsousvoix.fr\/index.php\/wp-json\/wp\/v2\/pages\/107"}],"wp:attachment":[{"href":"https:\/\/www.montreuilsousvoix.fr\/index.php\/wp-json\/wp\/v2\/media?parent=160"}],"curies":[{"name":"wp","href":"https:\/\/api.w.org\/{rel}","templated":true}]}}